{"id":380,"date":"2022-05-12T21:03:25","date_gmt":"2022-05-12T19:03:25","guid":{"rendered":"https:\/\/www.fernuni-hagen.de\/digitale-hermeneutik\/?page_id=380"},"modified":"2024-08-15T12:09:05","modified_gmt":"2024-08-15T10:09:05","slug":"impressum","status":"publish","type":"page","link":"https:\/\/www.fernuni-hagen.de\/digitale-hermeneutik\/impressum\/","title":{"rendered":"Impressum"},"content":{"rendered":"<h2 id=\"anbieterkennzeichnung\" class=\"wp-block-heading\">Anbieterkennzeichnung<\/h2>\n<p>Informationen nach \u00a7 5 Telemediengesetz (TMG) und \u00a7 18 Abs. 2 Medienstaatsvertrag (MStV)<\/p>\n<p><strong>Websitegestaltung\u00a0&amp; Redaktion:<\/strong><\/p>\n<p>Dr.\u00a0<a href=\"http:\/\/www.fernuni-hagen.de\/forschung\/schwerpunkte\/digitale-kultur\/team\/thorben_maemecke.shtml\" target=\"_blank\" rel=\"noreferrer noopener\">Thorben M\u00e4mecke<\/a>,<br \/>\n<a href=\"http:\/\/www.fernuni-hagen.de\/philosophie\/lg3\/team\/svenja.wagner.shtml\" target=\"_blank\" rel=\"noreferrer noopener\">Svenja Wagner<\/a><\/p>\n<p><strong>Kontakt<\/strong>:\u00a0<a>d-k@fernuni-hagen.de<\/a><\/p>\n<p><strong>Postadresse<\/strong>:<br \/>\nFSP\u00a0<em>digitale_kultur<\/em><br \/>\nUniversit\u00e4tsstr. 47<br \/>\n58097 Hagen<\/p>\n<p><strong>Animation:<\/strong><\/p>\n<p>Sascha Senicer (<a href=\"https:\/\/www.fernuni-hagen.de\/zli\/\">ZLI<\/a>)<\/p>\n<p><strong>Name des Diensteanbieters:<\/strong><br \/>\nFernUniversit\u00e4t in Hagen<\/p>\n<p><strong>Rechtsform:<\/strong><br \/>\nK\u00f6rperschaft des \u00f6ffentlichen Rechts<\/p>\n<p><strong>Vertretungsberechtigte:<\/strong><br \/>\nDie Rektorin Prof. Dr. Ada Pellert<\/p>\n<p><strong>Anschrift:<\/strong><br \/>\nUniversit\u00e4tsstra\u00dfe 47<br \/>\n58097 Hagen<\/p>\n<p><strong>Umsatzsteuer\u00adidentifikations\u00adnummer:<\/strong><br \/>\nDE 125 138 511<\/p>\n<p><strong>Kontakt:<\/strong><br \/>\nHelpdesk<br \/>\nTel.:\u00a0<a>+49 2331 987-4444<\/a><\/p>\n<p><strong>Webmaster:<\/strong><br \/>\n<a href=\"https:\/\/www.fernuni-hagen.de\/service\/impressum.shtml#\">webmaster<\/a><\/p>\n<p><strong>Zust\u00e4ndige Aufsichtsbeh\u00f6rde:<\/strong><br \/>\nMinisterium f\u00fcr Kultur und Wissenschaft des Landes Nordrhein-Westfalen<br \/>\nV\u00f6lklinger Str. 49<br \/>\n40221 D\u00fcsseldorf<\/p>\n<p><strong>Inhalte:<\/strong><\/p>\n<p>Grafiken und Animationen basieren auf der Fotografie: \u201ePortrait multiple de Marcel Duchamp\u201c, 21 June 1917, New York City, Unidentified photographer.<br \/>\nSiehe: National Portrait Gallery.<br \/>\nDie <a href=\"https:\/\/de.wikipedia.org\/wiki\/Datei:Five-Way_Portrait_of_Marcel_Duchamp,_21_June_1917,_New_York_City.jpg\">Quelldatei<\/a> ist gemeinfrei.<\/p>\n<h3 id=\"haftung\" class=\"wp-block-heading\">Haftung<\/h3>\n<p>Als Diensteanbieter ist die FernUniversit\u00e4t in Hagen gem\u00e4\u00df \u00a7 7 Abs. 1 TMG f\u00fcr eigene Informationen, die sie zur Nutzung bereith\u00e4lt, nach den allgemeinen Gesetzen verantwortlich. Dementsprechend besteht keine Verantwortung f\u00fcr die von anderen Anbietern bereit gestellten Inhalte, auf die mittels Hyperlinks verwiesen wird.<\/p>\n<p>Sollten mit unserem Angebot verlinkte Seiten aus fachlichen oder rechtlichen Gr\u00fcnden Anlass zur Beanstandung geben, bitten wir um eine entsprechende Mitteilung an die Redaktion der betreffenden Seite.<\/p>\n<h3 id=\"urheberrecht\" class=\"wp-block-heading\">Urheberrecht<\/h3>\n<p>Die auf den Internet-Seiten der FernUniversit\u00e4t in Hagen bereit gestellten Werke sind urheberrechtlich gesch\u00fctzt. Daher bedarf es f\u00fcr jede Nutzung, die \u00fcber die im UrhG geregelten F\u00e4lle der erlaubnisfreien Nutzung hinausgeht, einer vorherigen Genehmigung. Wir m\u00f6chten ausdr\u00fccklich darauf hinweisen, dass es sich bei den bereit gehaltenen Werken nicht um (freie) amtliche Werke im Sinne des \u00a7 5 UrhG handelt.<\/p>\n","protected":false},"excerpt":{"rendered":"<p>Anbieterkennzeichnung Informationen nach \u00a7 5 Telemediengesetz (TMG) und \u00a7 18 Abs. 2 Medienstaatsvertrag (MStV) Websitegestaltung\u00a0&amp; Redaktion: Dr.\u00a0Thorben M\u00e4mecke, Svenja Wagner Kontakt:\u00a0d-k@fernuni-hagen.de Postadresse: FSP\u00a0digitale_kultur Universit\u00e4tsstr. 47 58097 Hagen Animation: Sascha Senicer (ZLI) Name des Diensteanbieters: FernUniversit\u00e4t in Hagen Rechtsform: K\u00f6rperschaft des \u00f6ffentlichen Rechts Vertretungsberechtigte: Die Rektorin Prof. Dr. Ada Pellert Anschrift: Universit\u00e4tsstra\u00dfe 47 58097 Hagen Umsatzsteuer\u00adidentifikations\u00adnummer: [&hellip;]<\/p>\n","protected":false},"author":4,"featured_media":0,"parent":0,"menu_order":0,"comment_status":"closed","ping_status":"closed","template":"","meta":{"footnotes":""},"class_list":["post-380","page","type-page","status-publish","hentry"],"_links":{"self":[{"href":"https:\/\/www.fernuni-hagen.de\/digitale-hermeneutik\/wp-json\/wp\/v2\/pages\/380","targetHints":{"allow":["GET"]}}],"collection":[{"href":"https:\/\/www.fernuni-hagen.de\/digitale-hermeneutik\/wp-json\/wp\/v2\/pages"}],"about":[{"href":"https:\/\/www.fernuni-hagen.de\/digitale-hermeneutik\/wp-json\/wp\/v2\/types\/page"}],"author":[{"embeddable":true,"href":"https:\/\/www.fernuni-hagen.de\/digitale-hermeneutik\/wp-json\/wp\/v2\/users\/4"}],"replies":[{"embeddable":true,"href":"https:\/\/www.fernuni-hagen.de\/digitale-hermeneutik\/wp-json\/wp\/v2\/comments?post=380"}],"version-history":[{"count":12,"href":"https:\/\/www.fernuni-hagen.de\/digitale-hermeneutik\/wp-json\/wp\/v2\/pages\/380\/revisions"}],"predecessor-version":[{"id":632,"href":"https:\/\/www.fernuni-hagen.de\/digitale-hermeneutik\/wp-json\/wp\/v2\/pages\/380\/revisions\/632"}],"wp:attachment":[{"href":"https:\/\/www.fernuni-hagen.de\/digitale-hermeneutik\/wp-json\/wp\/v2\/media?parent=380"}],"curies":[{"name":"wp","href":"https:\/\/api.w.org\/{rel}","templated":true}]}}